{"id":1226,"date":"2021-01-21T13:21:23","date_gmt":"2021-01-21T13:21:23","guid":{"rendered":"https:\/\/kiehl.mcsajans.com\/?post_type=product&#038;p=1226"},"modified":"2021-01-21T13:42:21","modified_gmt":"2021-01-21T13:42:21","slug":"kiehl-parketto-care-satina","status":"publish","type":"product","link":"http:\/\/www.kiehlturkey.com\/index.php\/urun\/kiehl-parketto-care-satina\/","title":{"rendered":"Kiehl-Parketto-care-satina"},"content":{"rendered":"<p><strong><span class=\"urun_text_02\">\u00d6zellikleri : <\/span><\/strong><span class=\"urun_text_02\">Satensi bir parlakl\u0131kla kurur, uzun \u00f6m\u00fcrl\u00fcd\u00fcr, kirlenmeye dayan\u0131kl\u0131d\u0131r ve kaymayan bir y\u00fczey sa\u011flar. Hem seyreltilerek hem de seyreltmeden kullan\u0131labilir.<\/span><\/p>\n<p><strong><span class=\"urun_text_02\">\u0130\u00e7indekiler :<\/span><\/strong> Non-iyonik y\u00fczey etkin maddeler, polimer \u00e7\u00f6zeltileri (TBEP i\u00e7ermeyen), polietilen mum, katk\u0131 maddeleri, esanslar. pH-de\u011feri (konsantre): 7,5 pH-de\u011feri (kullan\u0131ma haz\u0131r sol\u00fcsyon): yakla\u015f\u0131k 7<\/p>\n<p><span class=\"urun_text_02\"><strong>Kullan\u0131m Alanlar\u0131 :<\/strong>Su ge\u00e7irmez ah\u015fap zeminler ve cilalanmam\u0131\u015f parke zeminlerin bak\u0131m\u0131 ve kaplamas\u0131nda kullan\u0131l\u0131r. \u015eayet \u00fcr\u00fcn\u00fc cilalanmam\u0131\u015f parke \u00fczerinde kullanacaksan\u0131z l\u00fctfen \u00f6nce yap\u0131\u015fkanl\u0131k testi uygulay\u0131n\u0131z. Mumlanm\u0131\u015f ya da ya\u011flanm\u0131\u015f ah\u015fap y\u00fczeylerde kullan\u0131lmamal\u0131d\u0131r.<\/span><\/p>\n<p><strong><span class=\"urun_text_02\">Kullan\u0131m \u015eekli :<\/span><\/strong><span class=\"urun_text_02\">Yeni d\u00f6\u015fenmi\u015f ah\u015fap zeminler (yerinde su ge\u00e7irmez yap\u0131lm\u0131\u015f) \u00fcretici taraf\u0131ndan tavsiye edilen kuruma s\u00fcresince (genellikle 8-14 g\u00fcn) sadece kuru temizlemeye (s\u00fcp\u00fcrme) tabi tutulmal\u0131d\u0131rlar. \u00dcr\u00fcn\u00fc uygulamaya ba\u015flamadan \u00f6nce, zemindeki tozlar hafif nemli bir bezle temizlenmelidir. \u0130nat\u00e7\u0131 kirler i\u00e7in Kiehl-Parketto-clean Konsantre kullan\u0131n\u0131z. A\u011f\u0131r derecede y\u0131pranm\u0131\u015f ah\u015fap y\u00fczeyler \u00f6ncelikle mekanik kuru temizleme i\u015fleminden (d\u00f6ner ba\u015fl\u0131kl\u0131 zemin makinesi, vakumlama \u00fcnitesi, Kiehl-Legno-Pad vs. kullanarak) ge\u00e7irilmelidirler. Makineyi sat\u0131h \u00fczerindeki kirleri \u00e7\u00f6zene ve zemin tamamen temizlenip d\u00fcz bir g\u00f6r\u00fcn\u00fcm kazanana kadar dairesel hareketlerle \u00e7al\u0131\u015ft\u0131r\u0131n. Son olarak geride kalan tozlar\u0131 hafif nemli bir bezle temizleyin.<\/span><\/p>\n<p><strong><span class=\"urun_text_02\">Kaplama :<\/span><\/strong>\u00a0Kiehl-Parketto-satina uygulamas\u0131ndan \u00f6nce zeminin temiz ve kuru olmas\u0131 ve cila, mum, silikon ve toz gibi \u00f6\u011felerden ar\u0131nd\u0131r\u0131lmas\u0131 \u015fartt\u0131r. Kullanmadan \u00f6nce iyice \u00e7alkalay\u0131n! 250 ml kadar \u00fcr\u00fcn\u00fc seyreltmeden zemine d\u00f6k\u00fcn ve 10 metrekarelik bir alana ince bir tabaka halinde ve \u00fcst\u00fcste gelecek \u015fekilde d\u00fcz bir paspas ya da bez yard\u0131m\u0131yla yay\u0131n. \u00dcst \u00fcste gelen katlarla \u00e7al\u0131\u015fmaya devam edin. Sath\u0131n yap\u0131s\u0131na g\u00f6re, 90 dakikal\u0131k aral\u0131klarla 1-2 katl\u0131k uygulama gerekebilir. Sadece kuru katmanlar\u0131n y\u0131pranmaya dayan\u0131kl\u0131 koruyucu bir kaplama olu\u015fturaca\u011f\u0131 unutulmamal\u0131d\u0131r.<\/p>\n<p><strong><span class=\"urun_text_02\">Aral\u0131kl\u0131 bak\u0131m :<\/span>\u00a0<\/strong>Yakla\u015f\u0131k olarak 250 ml \u00fcr\u00fcn\u00fc 8 litre so\u011fuk suyla seyreltin. Paspas\u0131 temizleme sol\u00fcsyonuna dald\u0131r\u0131n, iyice s\u0131k\u0131n ve y\u00fczeyi silerek temizleyin. Y\u00fczeyde su kalmamas\u0131na dikkat edin!<\/p>\n<p><strong><span class=\"urun_text_02\">Kaplaman\u0131n a\u015f\u0131nm\u0131\u015f b\u00f6lgelerini restore etmek i\u00e7in sprey perdahlama :<\/span><\/strong>\u00a01:1 oran\u0131nda so\u011fuk suyla seyreltin, sprey kutusu ve y\u00fcksek devirli makineyle (yakla\u015f\u0131k 1,000 r.p.m.) \u00e7al\u0131\u015f\u0131n.<\/p>\n<p><strong><span class=\"urun_text_02\">Cilalama:<\/span><\/strong>Y\u00fczeyin cilalanmas\u0131 (yakla\u015f\u0131k 1,000 r.p.m. devir ile), bak\u0131m \u00f6zelliklerini yo\u011funla\u015ft\u0131r\u0131r, ayak izlerini elimine eder ve kaymazl\u0131k sa\u011flayarak dayan\u0131kl\u0131l\u0131\u011f\u0131 artt\u0131r\u0131r.<\/p>\n<p>&nbsp;<\/p>\n","protected":false},"excerpt":{"rendered":"<h1>Kiehl-Parketto-care-satina<\/h1>\n<p>Mat parke bak\u0131m ve temizli\u011fi<\/p>\n<p><strong><span class=\"urun_text_02\">\u00d6zellikleri :\u00a0<\/span><\/strong>Satensi bir parlakl\u0131kla kurur, uzun \u00f6m\u00fcrl\u00fcd\u00fcr, kirlenmeye dayan\u0131kl\u0131d\u0131r ve kaymayan bir y\u00fczey sa\u011flar. Hem seyreltilerek hem de seyreltmeden kullan\u0131labilir.<\/p>\n<hr \/>\n<p><img loading=\"lazy\" class=\"alignnone size-full wp-image-1207\" src=\"https:\/\/kiehl.mcsajans.com\/wp-content\/uploads\/2021\/01\/kiehl-parketto-care-satina_icon.jpg\" alt=\"\" width=\"215\" height=\"49\" \/><\/p>\n<p><em><span class=\"urun_text_02\"><strong>Metrekare ba\u015f\u0131na t\u00fcketim =<\/strong>Uygulama ba\u015f\u0131na 25-30 ml Sprey perdahlama: 1,5 ml<\/span><\/em><\/p>\n<p><em><strong><span class=\"urun_text_02\">Paketleme =<\/span><\/strong><\/em><span class=\"urun_text_02\"> Profesyonel kullan\u0131mlar i\u00e7indir! &#8211; 10 litre bidon \u00dcr. No. j 22 11 10<\/span><\/p>\n<p>&nbsp;<\/p>\n<p>&nbsp;<\/p>\n","protected":false},"featured_media":1195,"comment_status":"open","ping_status":"closed","template":"elementor_theme","meta":[],"yoast_head":"<!-- This site is optimized with the Yoast SEO plugin v15.9 - https:\/\/yoast.com\/wordpress\/plugins\/seo\/ -->\r\n<title>Kiehl-Parketto-care-satina | K\u0130EHL<\/title>\r\n<meta name=\"description\" content=\"Kiehl-Parketto-care-satina Satensi bir parlakl\u0131kla kurur, uzun \u00f6m\u00fcrl\u00fcd\u00fcr, kirlenmeye dayan\u0131kl\u0131d\u0131r.ve kaymayan bir y\u00fczey sa\u011flar.\" \/>\r\n<meta name=\"robots\" content=\"index, follow, max-snippet:-1, max-image-preview:large, max-video-preview:-1\" \/>\r\n<link rel=\"canonical\" href=\"http:\/\/www.kiehlturkey.com\/index.php\/urun\/kiehl-parketto-care-satina\/\" \/>\r\n<meta property=\"og:locale\" content=\"tr_TR\" \/>\r\n<meta property=\"og:type\" content=\"article\" \/>\r\n<meta property=\"og:title\" content=\"Kiehl-Parketto-care-satina | K\u0130EHL\" \/>\r\n<meta property=\"og:description\" content=\"Kiehl-Parketto-care-satina Satensi bir parlakl\u0131kla kurur, uzun \u00f6m\u00fcrl\u00fcd\u00fcr, kirlenmeye dayan\u0131kl\u0131d\u0131r.ve kaymayan bir y\u00fczey sa\u011flar.\" \/>\r\n<meta property=\"og:url\" content=\"http:\/\/www.kiehlturkey.com\/index.php\/urun\/kiehl-parketto-care-satina\/\" \/>\r\n<meta property=\"og:site_name\" content=\"K\u0130EHL\" \/>\r\n<meta property=\"article:modified_time\" content=\"2021-01-21T13:42:21+00:00\" \/>\r\n<meta property=\"og:image\" content=\"http:\/\/www.kiehlturkey.com\/wp-content\/uploads\/2021\/01\/kiehl-parketto-care-e1611236476575.jpg\" \/>\r\n\t<meta property=\"og:image:width\" content=\"146\" \/>\r\n\t<meta property=\"og:image:height\" content=\"200\" \/>\r\n<meta name=\"twitter:card\" content=\"summary_large_image\" \/>\r\n<meta name=\"twitter:label1\" content=\"Tahmini okuma s\u00fcresi\">\n\t<meta name=\"twitter:data1\" content=\"2 dakika\">\r\n<script type=\"application\/ld+json\" class=\"yoast-schema-graph\">{\"@context\":\"https:\/\/schema.org\",\"@graph\":[{\"@type\":\"WebSite\",\"@id\":\"http:\/\/www.kiehlturkey.com\/#website\",\"url\":\"http:\/\/www.kiehlturkey.com\/\",\"name\":\"K\\u0130EHL\",\"description\":\"die saubere L\\u00f6sung\",\"potentialAction\":[{\"@type\":\"SearchAction\",\"target\":\"http:\/\/www.kiehlturkey.com\/?s={search_term_string}\",\"query-input\":\"required name=search_term_string\"}],\"inLanguage\":\"tr\"},{\"@type\":\"ImageObject\",\"@id\":\"http:\/\/www.kiehlturkey.com\/index.php\/urun\/kiehl-parketto-care-satina\/#primaryimage\",\"inLanguage\":\"tr\",\"url\":\"http:\/\/www.kiehlturkey.com\/wp-content\/uploads\/2021\/01\/kiehl-parketto-care-e1611236476575.jpg\",\"width\":146,\"height\":200},{\"@type\":\"WebPage\",\"@id\":\"http:\/\/www.kiehlturkey.com\/index.php\/urun\/kiehl-parketto-care-satina\/#webpage\",\"url\":\"http:\/\/www.kiehlturkey.com\/index.php\/urun\/kiehl-parketto-care-satina\/\",\"name\":\"Kiehl-Parketto-care-satina | K\\u0130EHL\",\"isPartOf\":{\"@id\":\"http:\/\/www.kiehlturkey.com\/#website\"},\"primaryImageOfPage\":{\"@id\":\"http:\/\/www.kiehlturkey.com\/index.php\/urun\/kiehl-parketto-care-satina\/#primaryimage\"},\"datePublished\":\"2021-01-21T13:21:23+00:00\",\"dateModified\":\"2021-01-21T13:42:21+00:00\",\"description\":\"Kiehl-Parketto-care-satina Satensi bir parlakl\\u0131kla kurur, uzun \\u00f6m\\u00fcrl\\u00fcd\\u00fcr, kirlenmeye dayan\\u0131kl\\u0131d\\u0131r.ve kaymayan bir y\\u00fczey sa\\u011flar.\",\"breadcrumb\":{\"@id\":\"http:\/\/www.kiehlturkey.com\/index.php\/urun\/kiehl-parketto-care-satina\/#breadcrumb\"},\"inLanguage\":\"tr\",\"potentialAction\":[{\"@type\":\"ReadAction\",\"target\":[\"http:\/\/www.kiehlturkey.com\/index.php\/urun\/kiehl-parketto-care-satina\/\"]}]},{\"@type\":\"BreadcrumbList\",\"@id\":\"http:\/\/www.kiehlturkey.com\/index.php\/urun\/kiehl-parketto-care-satina\/#breadcrumb\",\"itemListElement\":[{\"@type\":\"ListItem\",\"position\":1,\"item\":{\"@type\":\"WebPage\",\"@id\":\"http:\/\/www.kiehlturkey.com\/\",\"url\":\"http:\/\/www.kiehlturkey.com\/\",\"name\":\"Ana sayfa\"}},{\"@type\":\"ListItem\",\"position\":2,\"item\":{\"@type\":\"WebPage\",\"@id\":\"http:\/\/www.kiehlturkey.com\/index.php\/urunler\/\",\"url\":\"http:\/\/www.kiehlturkey.com\/index.php\/urunler\/\",\"name\":\"\\u00dcr\\u00fcnler\"}},{\"@type\":\"ListItem\",\"position\":3,\"item\":{\"@type\":\"WebPage\",\"@id\":\"http:\/\/www.kiehlturkey.com\/index.php\/urun\/kiehl-parketto-care-satina\/\",\"url\":\"http:\/\/www.kiehlturkey.com\/index.php\/urun\/kiehl-parketto-care-satina\/\",\"name\":\"Kiehl-Parketto-care-satina\"}}]}]}<\/script>\r\n<!-- \/ Yoast SEO plugin. -->","_links":{"self":[{"href":"http:\/\/www.kiehlturkey.com\/index.php\/wp-json\/wp\/v2\/product\/1226"}],"collection":[{"href":"http:\/\/www.kiehlturkey.com\/index.php\/wp-json\/wp\/v2\/product"}],"about":[{"href":"http:\/\/www.kiehlturkey.com\/index.php\/wp-json\/wp\/v2\/types\/product"}],"replies":[{"embeddable":true,"href":"http:\/\/www.kiehlturkey.com\/index.php\/wp-json\/wp\/v2\/comments?post=1226"}],"version-history":[{"count":2,"href":"http:\/\/www.kiehlturkey.com\/index.php\/wp-json\/wp\/v2\/product\/1226\/revisions"}],"predecessor-version":[{"id":1228,"href":"http:\/\/www.kiehlturkey.com\/index.php\/wp-json\/wp\/v2\/product\/1226\/revisions\/1228"}],"wp:featuredmedia":[{"embeddable":true,"href":"http:\/\/www.kiehlturkey.com\/index.php\/wp-json\/wp\/v2\/media\/1195"}],"wp:attachment":[{"href":"http:\/\/www.kiehlturkey.com\/index.php\/wp-json\/wp\/v2\/media?parent=1226"}],"curies":[{"name":"wp","href":"https:\/\/api.w.org\/{rel}","templated":true}]}}