{"id":1303,"date":"2021-01-22T12:25:58","date_gmt":"2021-01-22T12:25:58","guid":{"rendered":"https:\/\/kiehl.mcsajans.com\/?post_type=product&#038;p=1303"},"modified":"2021-01-22T12:30:14","modified_gmt":"2021-01-22T12:30:14","slug":"arenas-compact","status":"publish","type":"product","link":"http:\/\/www.kiehlturkey.com\/index.php\/urun\/arenas-compact\/","title":{"rendered":"Arenas-Compact"},"content":{"rendered":"<p><strong><span class=\"urun_text_02\">\u00d6zellikleri :\u00a0<\/span><\/strong>ARENAS\u00ae-compact t\u00fcm su s\u0131cakl\u0131klar\u0131nda (30-90 \u00b0C) m\u00fckemmel y\u0131kama performans\u0131 g\u00f6steren \u00fcniversal bir s\u0131v\u0131 \u00e7ama\u015f\u0131r y\u0131kama deterjan\u0131d\u0131r. \u00d6zel enzimler i\u00e7erir, fosfat i\u00e7ermez. \u0130\u00e7erdi\u011fi \u00f6zel enzimler ve inhib\u00fct\u00f6rler sayesinde kan ve alb\u00fcmin gibi inat\u00e7\u0131 lekeleri \u00e7ama\u015f\u0131r \u00fczerinden \u00e7\u0131kart\u0131r. Sonu\u00e7 olarak, g\u0131da i\u015fleme alanlar\u0131, otel ve yemek sekt\u00f6r\u00fcnde ki \u00e7ok kirli \u00e7ama\u015f\u0131rlar\u0131 bile tertemiz yapar. ARENAS\u00ae-compact her t\u00fcrl\u00fc tekstili y\u0131kamak i\u00e7in uygundur. \u00d6zellikle tekstil y\u0131kamalar\u0131nda tavsiye edilir.<\/p>\n<p><strong><span class=\"urun_text_02\">\u0130\u00e7indekiler :\u00a0<\/span><\/strong>Noniyonik y\u00fczey aktif madde 15-30%, aniyonik y\u00fczey aktif madde 5-15%, sabun 5-15%, fosfonat &lt;5%, polikarbosilikat &lt;5%, optik parlat\u0131c\u0131 &lt;5%, enzimler, g\u0131da boyas\u0131, parf\u00fcm, koruyucular (benzisothiazolinone). pH de\u011feri (konsantre): 9.5 pH de\u011feri (kullan\u0131ma haz\u0131r sol\u00fcsyon): 8.5<\/p>\n<p><strong><span class=\"urun_text_02\">Uygulama :\u00a0<\/span><\/strong>30-90 \u00b0C&#8217; de t\u00fcm tekstil y\u0131kamalar\u0131 i\u00e7in uygundur. Y\u00fcn ve ipek dahil. Bireysel kullan\u0131mlarda l\u00fctfen tekstilin maksimum y\u0131kama s\u0131cakl\u0131klar\u0131na uyun.<\/p>\n","protected":false},"excerpt":{"rendered":"<h1>Arenas-Compact<\/h1>\n<p>Universal s\u0131v\u0131 \u00e7ama\u015f\u0131r deterjan\u0131<\/p>\n<p><span class=\"urun_text_02\"><strong>\u00d6zellikleri <\/strong>: ARENAS\u00ae-compact t\u00fcm su s\u0131cakl\u0131klar\u0131nda (30-90 \u00b0C) m\u00fckemmel y\u0131kama performans\u0131 g\u00f6steren \u00fcniversal bir s\u0131v\u0131 \u00e7ama\u015f\u0131r y\u0131kama deterjan\u0131d\u0131r. \u00d6zel enzimler i\u00e7erir, fosfat i\u00e7ermez. \u0130\u00e7erdi\u011fi \u00f6zel enzimler ve inhib\u00fct\u00f6rler sayesinde kan ve alb\u00fcmin gibi inat\u00e7\u0131 lekeleri \u00e7ama\u015f\u0131r \u00fczerinden \u00e7\u0131kart\u0131r. Sonu\u00e7 olarak, g\u0131da i\u015fleme alanlar\u0131, otel ve yemek sekt\u00f6r\u00fcnde ki \u00e7ok kirli \u00e7ama\u015f\u0131rlar\u0131 bile tertemiz yapar. ARENAS\u00ae-compact her t\u00fcrl\u00fc tekstili y\u0131kamak i\u00e7in uygundur. \u00d6zellikle tekstil y\u0131kamalar\u0131nda tavsiye edilir.<br \/>\n<\/span><\/p>\n<hr \/>\n<p><img loading=\"lazy\" class=\"alignnone size-full wp-image-1304\" src=\"https:\/\/kiehl.mcsajans.com\/wp-content\/uploads\/2021\/01\/arenas_wash-4.jpg\" alt=\"\" width=\"66\" height=\"67\" \/><\/p>\n<p><strong><span class=\"urun_text_02\">Metrekare ba\u015f\u0131na t\u00fcketim<\/span><\/strong><br \/>\n1 dozajlama \u00fcnitesi (dozaj kab\u0131) = 40 ml<\/p>\n<p><strong>Profesyonel kullan\u0131mlar i\u00e7indir!<\/strong><\/p>\n<p><strong><span class=\"urun_text_02\">Ambalaj<\/span><\/strong><br \/>\nKoli i\u00e7inde 6 x 1 litre dozajlamal\u0131 \u015fi\u015fe<br \/>\n\u00dcr\u00fcn. No. 65 18 02<\/p>\n<p><img loading=\"lazy\" class=\"alignnone size-full wp-image-1295\" src=\"https:\/\/kiehl.mcsajans.com\/wp-content\/uploads\/2021\/01\/tahris-3.jpg\" alt=\"\" width=\"69\" height=\"79\" \/><\/p>\n<ul>\n<li>Xi, Konsantre halde tahri\u015f edici<\/li>\n<li>R 38 Cildi tahri\u015f eder.<\/li>\n<li>R 41 G\u00f6zlere ciddi hasar verebilir<\/li>\n<li>S 24\/25 G\u00f6z ve cilt ile temas\u0131ndan ka\u00e7\u0131n\u0131n<\/li>\n<li>S 26 G\u00f6zlere temas etmesi halinde, bol su ile y\u0131kay\u0131n ve doktora ba\u015fvurun.<\/li>\n<\/ul>\n","protected":false},"featured_media":0,"comment_status":"open","ping_status":"closed","template":"elementor_theme","meta":[],"yoast_head":"<!-- This site is optimized with the Yoast SEO plugin v15.9 - https:\/\/yoast.com\/wordpress\/plugins\/seo\/ -->\r\n<title>Arenas-Compact | K\u0130EHL<\/title>\r\n<meta name=\"description\" content=\"ARENAS\u00ae-compact t\u00fcm su s\u0131cakl\u0131klar\u0131nda (30-90 \u00b0C) m\u00fckemmel y\u0131kama performans\u0131 g\u00f6steren \u00fcniversal bir s\u0131v\u0131 \u00e7ama\u015f\u0131r y\u0131kama deterjan\u0131d\u0131r.\" \/>\r\n<meta name=\"robots\" content=\"index, follow, max-snippet:-1, max-image-preview:large, max-video-preview:-1\" \/>\r\n<link rel=\"canonical\" href=\"http:\/\/www.kiehlturkey.com\/index.php\/urun\/arenas-compact\/\" \/>\r\n<meta property=\"og:locale\" content=\"tr_TR\" \/>\r\n<meta property=\"og:type\" content=\"article\" \/>\r\n<meta property=\"og:title\" content=\"Arenas-Compact | K\u0130EHL\" \/>\r\n<meta property=\"og:description\" content=\"ARENAS\u00ae-compact t\u00fcm su s\u0131cakl\u0131klar\u0131nda (30-90 \u00b0C) m\u00fckemmel y\u0131kama performans\u0131 g\u00f6steren \u00fcniversal bir s\u0131v\u0131 \u00e7ama\u015f\u0131r y\u0131kama deterjan\u0131d\u0131r.\" \/>\r\n<meta property=\"og:url\" content=\"http:\/\/www.kiehlturkey.com\/index.php\/urun\/arenas-compact\/\" \/>\r\n<meta property=\"og:site_name\" content=\"K\u0130EHL\" \/>\r\n<meta property=\"article:modified_time\" content=\"2021-01-22T12:30:14+00:00\" \/>\r\n<meta name=\"twitter:card\" content=\"summary_large_image\" \/>\r\n<meta name=\"twitter:label1\" content=\"Tahmini okuma s\u00fcresi\">\n\t<meta name=\"twitter:data1\" content=\"1 dakika\">\r\n<script type=\"application\/ld+json\" class=\"yoast-schema-graph\">{\"@context\":\"https:\/\/schema.org\",\"@graph\":[{\"@type\":\"WebSite\",\"@id\":\"http:\/\/www.kiehlturkey.com\/#website\",\"url\":\"http:\/\/www.kiehlturkey.com\/\",\"name\":\"K\\u0130EHL\",\"description\":\"die saubere L\\u00f6sung\",\"potentialAction\":[{\"@type\":\"SearchAction\",\"target\":\"http:\/\/www.kiehlturkey.com\/?s={search_term_string}\",\"query-input\":\"required name=search_term_string\"}],\"inLanguage\":\"tr\"},{\"@type\":\"WebPage\",\"@id\":\"http:\/\/www.kiehlturkey.com\/index.php\/urun\/arenas-compact\/#webpage\",\"url\":\"http:\/\/www.kiehlturkey.com\/index.php\/urun\/arenas-compact\/\",\"name\":\"Arenas-Compact | K\\u0130EHL\",\"isPartOf\":{\"@id\":\"http:\/\/www.kiehlturkey.com\/#website\"},\"datePublished\":\"2021-01-22T12:25:58+00:00\",\"dateModified\":\"2021-01-22T12:30:14+00:00\",\"description\":\"ARENAS\\u00ae-compact t\\u00fcm su s\\u0131cakl\\u0131klar\\u0131nda (30-90 \\u00b0C) m\\u00fckemmel y\\u0131kama performans\\u0131 g\\u00f6steren \\u00fcniversal bir s\\u0131v\\u0131 \\u00e7ama\\u015f\\u0131r y\\u0131kama deterjan\\u0131d\\u0131r.\",\"breadcrumb\":{\"@id\":\"http:\/\/www.kiehlturkey.com\/index.php\/urun\/arenas-compact\/#breadcrumb\"},\"inLanguage\":\"tr\",\"potentialAction\":[{\"@type\":\"ReadAction\",\"target\":[\"http:\/\/www.kiehlturkey.com\/index.php\/urun\/arenas-compact\/\"]}]},{\"@type\":\"BreadcrumbList\",\"@id\":\"http:\/\/www.kiehlturkey.com\/index.php\/urun\/arenas-compact\/#breadcrumb\",\"itemListElement\":[{\"@type\":\"ListItem\",\"position\":1,\"item\":{\"@type\":\"WebPage\",\"@id\":\"http:\/\/www.kiehlturkey.com\/\",\"url\":\"http:\/\/www.kiehlturkey.com\/\",\"name\":\"Ana sayfa\"}},{\"@type\":\"ListItem\",\"position\":2,\"item\":{\"@type\":\"WebPage\",\"@id\":\"http:\/\/www.kiehlturkey.com\/index.php\/urunler\/\",\"url\":\"http:\/\/www.kiehlturkey.com\/index.php\/urunler\/\",\"name\":\"\\u00dcr\\u00fcnler\"}},{\"@type\":\"ListItem\",\"position\":3,\"item\":{\"@type\":\"WebPage\",\"@id\":\"http:\/\/www.kiehlturkey.com\/index.php\/urun\/arenas-compact\/\",\"url\":\"http:\/\/www.kiehlturkey.com\/index.php\/urun\/arenas-compact\/\",\"name\":\"Arenas-Compact\"}}]}]}<\/script>\r\n<!-- \/ Yoast SEO plugin. -->","_links":{"self":[{"href":"http:\/\/www.kiehlturkey.com\/index.php\/wp-json\/wp\/v2\/product\/1303"}],"collection":[{"href":"http:\/\/www.kiehlturkey.com\/index.php\/wp-json\/wp\/v2\/product"}],"about":[{"href":"http:\/\/www.kiehlturkey.com\/index.php\/wp-json\/wp\/v2\/types\/product"}],"replies":[{"embeddable":true,"href":"http:\/\/www.kiehlturkey.com\/index.php\/wp-json\/wp\/v2\/comments?post=1303"}],"version-history":[{"count":1,"href":"http:\/\/www.kiehlturkey.com\/index.php\/wp-json\/wp\/v2\/product\/1303\/revisions"}],"predecessor-version":[{"id":1306,"href":"http:\/\/www.kiehlturkey.com\/index.php\/wp-json\/wp\/v2\/product\/1303\/revisions\/1306"}],"wp:attachment":[{"href":"http:\/\/www.kiehlturkey.com\/index.php\/wp-json\/wp\/v2\/media?parent=1303"}],"curies":[{"name":"wp","href":"https:\/\/api.w.org\/{rel}","templated":true}]}}