{"id":1485,"date":"2021-02-27T18:46:50","date_gmt":"2021-02-27T18:46:50","guid":{"rendered":"https:\/\/kiehl.mcsajans.com\/?post_type=product&#038;p=1485"},"modified":"2021-02-27T19:00:11","modified_gmt":"2021-02-27T19:00:11","slug":"arenas-perlas-des","status":"publish","type":"product","link":"http:\/\/www.kiehlturkey.com\/index.php\/urun\/arenas-perlas-des\/","title":{"rendered":"Arenas-Perla Des"},"content":{"rendered":"<p><strong><span class=\"urun_text_02\">\u00d6zellikleri : <\/span><\/strong><span class=\"urun_text_02\">ARENAS\u00ae-Perla-Des 60 \u00b0C&#8217; de hijyen ama\u00e7l\u0131 y\u0131kanan \u00e7ama\u015f\u0131rlarda kemotermal dezenfeksiyonu sa\u011flar. Fosfat i\u00e7ermeyen toz deterjan m\u00fckemmel y\u0131kama performans\u0131 ve optimum leke \u00e7\u0131karma sa\u011flar. T\u00fcm s\u0131cakl\u0131klarda etkili oldu\u011fu defalarca kan\u0131tlanm\u0131\u015f g\u00fc\u00e7l\u00fc toz deterjand\u0131r. (30-90 \u00b0C).<\/span><span class=\"urun_text_02\"><br \/>\n<\/span><\/p>\n<p><strong><span class=\"urun_text_02\">Uygulama : <\/span><\/strong><span class=\"urun_text_02\">A\u011fart\u0131labilir beyaz ve renkli \u00e7ama\u015f\u0131rlar\u0131n yan\u0131 s\u0131ra, yine a\u011fart\u0131l\u0131labilir temizlik tekstillerinde kullan\u0131ma uygundur . Tekstilin \u00fczerinde yazan en y\u00fcksek y\u0131kama s\u0131cakl\u0131klar\u0131na l\u00fctfen dikkat ediniz. \u0130pek ya da y\u00fcnl\u00fc \u00e7ama\u015f\u0131rlarda kullanmay\u0131n<\/span><\/p>\n<p><strong><span class=\"urun_text_02\">Kullan\u0131m Talimat\u0131 :<\/span><\/strong> \u00c7ama\u015f\u0131r makinesinin deterjan \u00e7ekmecesine do\u011frudan toz deterjan\u0131 d\u00f6k\u00fcn. Manuel y\u0131kama i\u00e7in: 10 litre suyun i\u00e7inde 125\/140 ml \u00fcr\u00fcn\u00fc \u00e7\u00f6z\u00fcn.<\/p>\n<p><img loading=\"lazy\" class=\"alignnone size-full wp-image-1489\" src=\"https:\/\/kiehl.mcsajans.com\/wp-content\/uploads\/2021\/02\/tahris.jpg\" alt=\"\" width=\"69\" height=\"79\" \/><\/p>\n<p>Xi, Tahri\u015f edici;<br \/>\nR 41 G\u00f6zde ciddi hasar riski<br \/>\nS 2 \u00c7ocuklar\u0131n ula\u015fabilece\u011fi yerlerden uzak tutun.<br \/>\nS 25 G\u00f6z ile temas\u0131ndan sak\u0131n\u0131n.<br \/>\nS 26 G\u00f6zlere temas etmesi halinde, bol su ile y\u0131kay\u0131n ve doktora ba\u015fvurun.<\/p>\n<p>&nbsp;<\/p>\n<p>&nbsp;<\/p>\n","protected":false},"excerpt":{"rendered":"<h1>Arenas-Perla Des<\/h1>\n<p><strong>Fosfat i\u00e7ermeyen dezenfektanl\u0131 toz deterjan<\/strong><\/p>\n<p><span class=\"urun_text_02\"><strong>\u00d6zellikleri <\/strong>: ARENAS\u00ae-Perla-Des 60 \u00b0C&#8217; de hijyen ama\u00e7l\u0131 y\u0131kanan \u00e7ama\u015f\u0131rlarda kemotermal dezenfeksiyonu sa\u011flar. Fosfat i\u00e7ermeyen toz deterjan m\u00fckemmel y\u0131kama performans\u0131 ve optimum leke \u00e7\u0131karma sa\u011flar. T\u00fcm s\u0131cakl\u0131klarda etkili oldu\u011fu defalarca kan\u0131tlanm\u0131\u015f g\u00fc\u00e7l\u00fc toz deterjand\u0131r. (30-90 \u00b0C).<\/p>\n<p><\/span><\/p>\n<hr \/>\n<p><strong>Kullan\u0131m Talimat\u0131<\/strong><br \/>\n1 kg dezenfektanl\u0131 deterjan ile normal kirli \u00e7ama\u015f\u0131rlar\u0131n y\u0131kanmas\u0131<\/p>\n<p><strong>Profesyonel kullan\u0131mlar i\u00e7indir!<\/strong><\/p>\n<p><strong>Ambalaj<\/strong><br \/>\n15 kg Torba \u00dcr\u00fcn. No. j 65 76 26<\/p>\n<p><img loading=\"lazy\" class=\"alignnone size-full wp-image-1482\" src=\"https:\/\/kiehl.mcsajans.com\/wp-content\/uploads\/2021\/02\/arenas_wash-1.jpg\" alt=\"\" width=\"66\" height=\"67\" \/><\/p>\n","protected":false},"featured_media":1495,"comment_status":"open","ping_status":"closed","template":"elementor_theme","meta":[],"yoast_head":"<!-- This site is optimized with the Yoast SEO plugin v15.9 - https:\/\/yoast.com\/wordpress\/plugins\/seo\/ -->\r\n<title>Arenas-Perla Des | K\u0130EHL<\/title>\r\n<meta name=\"description\" content=\"ARENAS\u00ae-Perla-Des 60 \u00b0C&#039; de hijyen ama\u00e7l\u0131 y\u0131kanan \u00e7ama\u015f\u0131rlarda kemotermal dezenfeksiyonu sa\u011flar.\" \/>\r\n<meta name=\"robots\" content=\"index, follow, max-snippet:-1, max-image-preview:large, max-video-preview:-1\" \/>\r\n<link rel=\"canonical\" href=\"http:\/\/www.kiehlturkey.com\/index.php\/urun\/arenas-perlas-des\/\" \/>\r\n<meta property=\"og:locale\" content=\"tr_TR\" \/>\r\n<meta property=\"og:type\" content=\"article\" \/>\r\n<meta property=\"og:title\" content=\"Arenas-Perla Des | K\u0130EHL\" \/>\r\n<meta property=\"og:description\" content=\"ARENAS\u00ae-Perla-Des 60 \u00b0C&#039; de hijyen ama\u00e7l\u0131 y\u0131kanan \u00e7ama\u015f\u0131rlarda kemotermal dezenfeksiyonu sa\u011flar.\" \/>\r\n<meta property=\"og:url\" content=\"http:\/\/www.kiehlturkey.com\/index.php\/urun\/arenas-perlas-des\/\" \/>\r\n<meta property=\"og:site_name\" content=\"K\u0130EHL\" \/>\r\n<meta property=\"article:modified_time\" content=\"2021-02-27T19:00:11+00:00\" \/>\r\n<meta property=\"og:image\" content=\"http:\/\/www.kiehlturkey.com\/wp-content\/uploads\/2021\/02\/Untitled-1-6.jpg\" \/>\r\n\t<meta property=\"og:image:width\" content=\"500\" \/>\r\n\t<meta property=\"og:image:height\" content=\"500\" \/>\r\n<meta name=\"twitter:card\" content=\"summary_large_image\" \/>\r\n<meta name=\"twitter:label1\" content=\"Tahmini okuma s\u00fcresi\">\n\t<meta name=\"twitter:data1\" content=\"1 dakika\">\r\n<script type=\"application\/ld+json\" class=\"yoast-schema-graph\">{\"@context\":\"https:\/\/schema.org\",\"@graph\":[{\"@type\":\"WebSite\",\"@id\":\"http:\/\/www.kiehlturkey.com\/#website\",\"url\":\"http:\/\/www.kiehlturkey.com\/\",\"name\":\"K\\u0130EHL\",\"description\":\"die saubere L\\u00f6sung\",\"potentialAction\":[{\"@type\":\"SearchAction\",\"target\":\"http:\/\/www.kiehlturkey.com\/?s={search_term_string}\",\"query-input\":\"required name=search_term_string\"}],\"inLanguage\":\"tr\"},{\"@type\":\"ImageObject\",\"@id\":\"http:\/\/www.kiehlturkey.com\/index.php\/urun\/arenas-perlas-des\/#primaryimage\",\"inLanguage\":\"tr\",\"url\":\"http:\/\/www.kiehlturkey.com\/wp-content\/uploads\/2021\/02\/Untitled-1-6.jpg\",\"width\":500,\"height\":500},{\"@type\":\"WebPage\",\"@id\":\"http:\/\/www.kiehlturkey.com\/index.php\/urun\/arenas-perlas-des\/#webpage\",\"url\":\"http:\/\/www.kiehlturkey.com\/index.php\/urun\/arenas-perlas-des\/\",\"name\":\"Arenas-Perla Des | K\\u0130EHL\",\"isPartOf\":{\"@id\":\"http:\/\/www.kiehlturkey.com\/#website\"},\"primaryImageOfPage\":{\"@id\":\"http:\/\/www.kiehlturkey.com\/index.php\/urun\/arenas-perlas-des\/#primaryimage\"},\"datePublished\":\"2021-02-27T18:46:50+00:00\",\"dateModified\":\"2021-02-27T19:00:11+00:00\",\"description\":\"ARENAS\\u00ae-Perla-Des 60 \\u00b0C' de hijyen ama\\u00e7l\\u0131 y\\u0131kanan \\u00e7ama\\u015f\\u0131rlarda kemotermal dezenfeksiyonu sa\\u011flar.\",\"breadcrumb\":{\"@id\":\"http:\/\/www.kiehlturkey.com\/index.php\/urun\/arenas-perlas-des\/#breadcrumb\"},\"inLanguage\":\"tr\",\"potentialAction\":[{\"@type\":\"ReadAction\",\"target\":[\"http:\/\/www.kiehlturkey.com\/index.php\/urun\/arenas-perlas-des\/\"]}]},{\"@type\":\"BreadcrumbList\",\"@id\":\"http:\/\/www.kiehlturkey.com\/index.php\/urun\/arenas-perlas-des\/#breadcrumb\",\"itemListElement\":[{\"@type\":\"ListItem\",\"position\":1,\"item\":{\"@type\":\"WebPage\",\"@id\":\"http:\/\/www.kiehlturkey.com\/\",\"url\":\"http:\/\/www.kiehlturkey.com\/\",\"name\":\"Ana sayfa\"}},{\"@type\":\"ListItem\",\"position\":2,\"item\":{\"@type\":\"WebPage\",\"@id\":\"http:\/\/www.kiehlturkey.com\/index.php\/urunler\/\",\"url\":\"http:\/\/www.kiehlturkey.com\/index.php\/urunler\/\",\"name\":\"\\u00dcr\\u00fcnler\"}},{\"@type\":\"ListItem\",\"position\":3,\"item\":{\"@type\":\"WebPage\",\"@id\":\"http:\/\/www.kiehlturkey.com\/index.php\/urun\/arenas-perlas-des\/\",\"url\":\"http:\/\/www.kiehlturkey.com\/index.php\/urun\/arenas-perlas-des\/\",\"name\":\"Arenas-Perla Des\"}}]}]}<\/script>\r\n<!-- \/ Yoast SEO plugin. -->","_links":{"self":[{"href":"http:\/\/www.kiehlturkey.com\/index.php\/wp-json\/wp\/v2\/product\/1485"}],"collection":[{"href":"http:\/\/www.kiehlturkey.com\/index.php\/wp-json\/wp\/v2\/product"}],"about":[{"href":"http:\/\/www.kiehlturkey.com\/index.php\/wp-json\/wp\/v2\/types\/product"}],"replies":[{"embeddable":true,"href":"http:\/\/www.kiehlturkey.com\/index.php\/wp-json\/wp\/v2\/comments?post=1485"}],"version-history":[{"count":3,"href":"http:\/\/www.kiehlturkey.com\/index.php\/wp-json\/wp\/v2\/product\/1485\/revisions"}],"predecessor-version":[{"id":1497,"href":"http:\/\/www.kiehlturkey.com\/index.php\/wp-json\/wp\/v2\/product\/1485\/revisions\/1497"}],"wp:featuredmedia":[{"embeddable":true,"href":"http:\/\/www.kiehlturkey.com\/index.php\/wp-json\/wp\/v2\/media\/1495"}],"wp:attachment":[{"href":"http:\/\/www.kiehlturkey.com\/index.php\/wp-json\/wp\/v2\/media?parent=1485"}],"curies":[{"name":"wp","href":"https:\/\/api.w.org\/{rel}","templated":true}]}}