{"id":1681,"date":"2021-02-27T21:41:27","date_gmt":"2021-02-27T21:41:27","guid":{"rendered":"https:\/\/kiehl.mcsajans.com\/?post_type=product&#038;p=1681"},"modified":"2021-02-27T21:46:18","modified_gmt":"2021-02-27T21:46:18","slug":"clar-glas","status":"publish","type":"product","link":"http:\/\/www.kiehlturkey.com\/index.php\/urun\/clar-glas\/","title":{"rendered":"Clar-Glas"},"content":{"rendered":"<p><strong><span class=\"urun_text_02\">\u00d6zellikleri : <\/span><\/strong><span class=\"urun_text_02\">Cam ve akrilik cam y\u00fczeylerdeki kirleri \u00e7\u0131karmak i\u00e7in kullan\u0131ma haz\u0131r temizleyici.<br \/>\nDerinlemesine temizler, \u00e7abuk kurur, anti-toz etkisi sayesinde iz b\u0131rakmaz. Ho\u015f kokuludur.<\/span><span class=\"urun_text_02\"><br \/>\n<\/span><\/p>\n<p><span class=\"urun_text_02\"><strong>\u0130\u00e7indekiler :<\/strong> Aniyonik y\u00fczey etkin maddeler &lt; 5%, suda \u00e7\u00f6z\u00fcnebilen solventler, boyar<br \/>\nmaddeler ve esanslar. pH-de\u011feri (konsantre): yakla\u015f\u0131k 11<\/span><\/p>\n<p><span class=\"urun_text_02\"><strong>Kullan\u0131m Alanlar\u0131 :<\/strong> Pencereler, cam kabinler, aynalar gibi t\u00fcm cam ve akrilik cam y\u00fczeylerde kullan\u0131ma uygundur<br \/>\n<\/span><\/p>\n<p><strong><span class=\"urun_text_02\">Kullan\u0131m \u015eekli :<\/span><\/strong><br \/>\nY\u00fczeye p\u00fcsk\u00fcrt\u00fcn ve emici bir bez ya da ka\u011f\u0131t par\u00e7as\u0131yla silin. Kulland\u0131\u011f\u0131n\u0131z bezi silme esnas\u0131nda suyla temas ettirmeyin. Daima kuru bir bez kullan\u0131n! P\u00fcsk\u00fcrtme kutusunu bidondan ya da varilden tekrar doldurun.<\/p>\n<p>&nbsp;<\/p>\n","protected":false},"excerpt":{"rendered":"<h1><span class=\"urun_baslik_09\">Clar-Glas<\/span><\/h1>\n<p><strong><span class=\"urun_text_02\">Cam temizleyici<\/span><\/strong><\/p>\n<p><span class=\"urun_text_02\"><strong>\u00d6zellikleri <\/strong>:\u00a0 Cam ve akrilik cam y\u00fczeylerdeki kirleri \u00e7\u0131karmak i\u00e7in kullan\u0131ma haz\u0131r temizleyici.<br \/>\nDerinlemesine temizler, \u00e7abuk kurur, anti-toz etkisi sayesinde iz b\u0131rakmaz.<br \/>\nHo\u015f kokuludur.<\/span><\/p>\n<hr \/>\n<p><strong><span class=\"urun_text_02\">Metrekare ba\u015f\u0131na t\u00fcketim<\/span><\/strong><br \/>\nY\u00fczey temizli\u011fi: 5 ml<\/p>\n<p><strong>\u00a0Profesyonel Kullan\u0131mlar i\u00e7indir!<\/strong><\/p>\n<p><strong>Paketleme <\/strong><\/p>\n<p>6 x 500 ml p\u00fcsk\u00fcrtme \u015fi\u015felik koli \u00dcr. No. j 25 05 46<br \/>\n6 x 1 litre \u015fi\u015felik kolisi \u00dcr. No. j 25 05 01<br \/>\n10 litre bidon \u00dcr. No. j 25 05 10<br \/>\n200 litre varil \u00dcr. No. j 25 05 72<\/p>\n<p><img loading=\"lazy\" class=\"alignnone size-full wp-image-1685\" src=\"https:\/\/kiehl.mcsajans.com\/wp-content\/uploads\/2021\/02\/iconnn.jpg\" alt=\"\" width=\"209\" height=\"65\" \/><\/p>\n<p>&nbsp;<\/p>\n","protected":false},"featured_media":1686,"comment_status":"open","ping_status":"closed","template":"elementor_theme","meta":[],"yoast_head":"<!-- This site is optimized with the Yoast SEO plugin v15.9 - https:\/\/yoast.com\/wordpress\/plugins\/seo\/ -->\r\n<title>Clar-Glas | K\u0130EHL<\/title>\r\n<meta name=\"description\" content=\"H\u0131zl\u0131 ve g\u00fcvenlik mikrobiyolojik etkinin ve kuruma s\u00fcresinin k\u0131sa olmas\u0131 gereken her t\u00fcrl\u00fc alan\u0131n herhangibir art\u0131k b\u0131rakmadan dezenfeksiyonu ve temizli\u011fini sa\u011flayan kullan\u0131ma haz\u0131r dezenfektan temizleyicidir.\" \/>\r\n<meta name=\"robots\" content=\"index, follow, max-snippet:-1, max-image-preview:large, max-video-preview:-1\" \/>\r\n<link rel=\"canonical\" href=\"http:\/\/www.kiehlturkey.com\/index.php\/urun\/clar-glas\/\" \/>\r\n<meta property=\"og:locale\" content=\"tr_TR\" \/>\r\n<meta property=\"og:type\" content=\"article\" \/>\r\n<meta property=\"og:title\" content=\"Clar-Glas | K\u0130EHL\" \/>\r\n<meta property=\"og:description\" content=\"H\u0131zl\u0131 ve g\u00fcvenlik mikrobiyolojik etkinin ve kuruma s\u00fcresinin k\u0131sa olmas\u0131 gereken her t\u00fcrl\u00fc alan\u0131n herhangibir art\u0131k b\u0131rakmadan dezenfeksiyonu ve temizli\u011fini sa\u011flayan kullan\u0131ma haz\u0131r dezenfektan temizleyicidir.\" \/>\r\n<meta property=\"og:url\" content=\"http:\/\/www.kiehlturkey.com\/index.php\/urun\/clar-glas\/\" \/>\r\n<meta property=\"og:site_name\" content=\"K\u0130EHL\" \/>\r\n<meta property=\"article:modified_time\" content=\"2021-02-27T21:46:18+00:00\" \/>\r\n<meta property=\"og:image\" content=\"http:\/\/www.kiehlturkey.com\/wp-content\/uploads\/2021\/02\/Untitled-1-25.jpg\" \/>\r\n\t<meta property=\"og:image:width\" content=\"500\" \/>\r\n\t<meta property=\"og:image:height\" content=\"500\" \/>\r\n<meta name=\"twitter:card\" content=\"summary_large_image\" \/>\r\n<meta name=\"twitter:label1\" content=\"Tahmini okuma s\u00fcresi\">\n\t<meta name=\"twitter:data1\" content=\"1 dakika\">\r\n<script type=\"application\/ld+json\" class=\"yoast-schema-graph\">{\"@context\":\"https:\/\/schema.org\",\"@graph\":[{\"@type\":\"WebSite\",\"@id\":\"http:\/\/www.kiehlturkey.com\/#website\",\"url\":\"http:\/\/www.kiehlturkey.com\/\",\"name\":\"K\\u0130EHL\",\"description\":\"die saubere L\\u00f6sung\",\"potentialAction\":[{\"@type\":\"SearchAction\",\"target\":\"http:\/\/www.kiehlturkey.com\/?s={search_term_string}\",\"query-input\":\"required name=search_term_string\"}],\"inLanguage\":\"tr\"},{\"@type\":\"ImageObject\",\"@id\":\"http:\/\/www.kiehlturkey.com\/index.php\/urun\/clar-glas\/#primaryimage\",\"inLanguage\":\"tr\",\"url\":\"http:\/\/www.kiehlturkey.com\/wp-content\/uploads\/2021\/02\/Untitled-1-25.jpg\",\"width\":500,\"height\":500},{\"@type\":\"WebPage\",\"@id\":\"http:\/\/www.kiehlturkey.com\/index.php\/urun\/clar-glas\/#webpage\",\"url\":\"http:\/\/www.kiehlturkey.com\/index.php\/urun\/clar-glas\/\",\"name\":\"Clar-Glas | K\\u0130EHL\",\"isPartOf\":{\"@id\":\"http:\/\/www.kiehlturkey.com\/#website\"},\"primaryImageOfPage\":{\"@id\":\"http:\/\/www.kiehlturkey.com\/index.php\/urun\/clar-glas\/#primaryimage\"},\"datePublished\":\"2021-02-27T21:41:27+00:00\",\"dateModified\":\"2021-02-27T21:46:18+00:00\",\"description\":\"H\\u0131zl\\u0131 ve g\\u00fcvenlik mikrobiyolojik etkinin ve kuruma s\\u00fcresinin k\\u0131sa olmas\\u0131 gereken her t\\u00fcrl\\u00fc alan\\u0131n herhangibir art\\u0131k b\\u0131rakmadan dezenfeksiyonu ve temizli\\u011fini sa\\u011flayan kullan\\u0131ma haz\\u0131r dezenfektan temizleyicidir.\",\"breadcrumb\":{\"@id\":\"http:\/\/www.kiehlturkey.com\/index.php\/urun\/clar-glas\/#breadcrumb\"},\"inLanguage\":\"tr\",\"potentialAction\":[{\"@type\":\"ReadAction\",\"target\":[\"http:\/\/www.kiehlturkey.com\/index.php\/urun\/clar-glas\/\"]}]},{\"@type\":\"BreadcrumbList\",\"@id\":\"http:\/\/www.kiehlturkey.com\/index.php\/urun\/clar-glas\/#breadcrumb\",\"itemListElement\":[{\"@type\":\"ListItem\",\"position\":1,\"item\":{\"@type\":\"WebPage\",\"@id\":\"http:\/\/www.kiehlturkey.com\/\",\"url\":\"http:\/\/www.kiehlturkey.com\/\",\"name\":\"Ana sayfa\"}},{\"@type\":\"ListItem\",\"position\":2,\"item\":{\"@type\":\"WebPage\",\"@id\":\"http:\/\/www.kiehlturkey.com\/index.php\/urunler\/\",\"url\":\"http:\/\/www.kiehlturkey.com\/index.php\/urunler\/\",\"name\":\"\\u00dcr\\u00fcnler\"}},{\"@type\":\"ListItem\",\"position\":3,\"item\":{\"@type\":\"WebPage\",\"@id\":\"http:\/\/www.kiehlturkey.com\/index.php\/urun\/clar-glas\/\",\"url\":\"http:\/\/www.kiehlturkey.com\/index.php\/urun\/clar-glas\/\",\"name\":\"Clar-Glas\"}}]}]}<\/script>\r\n<!-- \/ Yoast SEO plugin. -->","_links":{"self":[{"href":"http:\/\/www.kiehlturkey.com\/index.php\/wp-json\/wp\/v2\/product\/1681"}],"collection":[{"href":"http:\/\/www.kiehlturkey.com\/index.php\/wp-json\/wp\/v2\/product"}],"about":[{"href":"http:\/\/www.kiehlturkey.com\/index.php\/wp-json\/wp\/v2\/types\/product"}],"replies":[{"embeddable":true,"href":"http:\/\/www.kiehlturkey.com\/index.php\/wp-json\/wp\/v2\/comments?post=1681"}],"version-history":[{"count":1,"href":"http:\/\/www.kiehlturkey.com\/index.php\/wp-json\/wp\/v2\/product\/1681\/revisions"}],"predecessor-version":[{"id":1687,"href":"http:\/\/www.kiehlturkey.com\/index.php\/wp-json\/wp\/v2\/product\/1681\/revisions\/1687"}],"wp:featuredmedia":[{"embeddable":true,"href":"http:\/\/www.kiehlturkey.com\/index.php\/wp-json\/wp\/v2\/media\/1686"}],"wp:attachment":[{"href":"http:\/\/www.kiehlturkey.com\/index.php\/wp-json\/wp\/v2\/media?parent=1681"}],"curies":[{"name":"wp","href":"https:\/\/api.w.org\/{rel}","templated":true}]}}