{"id":1790,"date":"2021-02-27T23:17:24","date_gmt":"2021-02-27T23:17:24","guid":{"rendered":"https:\/\/kiehl.mcsajans.com\/?post_type=product&#038;p=1790"},"modified":"2021-02-27T23:20:38","modified_gmt":"2021-02-27T23:20:38","slug":"aktiv-duft","status":"publish","type":"product","link":"http:\/\/www.kiehlturkey.com\/index.php\/urun\/aktiv-duft\/","title":{"rendered":"Aktiv-Duft"},"content":{"rendered":"<p><strong><span class=\"urun_text_02\">\u00d6zellikleri : <\/span><\/strong><span class=\"urun_text_02\">Son derece etkin, kal\u0131c\u0131 etkili aromatik ya\u011f. S\u0131hhi alanlardaki ho\u015fa gitmeyen<br \/>\nkokular\u0131 yok eder ve geride ferahl\u0131k verici ho\u015f bir koku b\u0131rak\u0131r.<\/span><strong><span class=\"urun_text_02\"><br \/>\n<\/span><\/strong><\/p>\n<p><span class=\"urun_text_02\"><strong>\u0130\u00e7indekiler :<\/strong>Em\u00fclsifiye ediciler, bak\u0131m maddeleri, esanslar. pH-de\u011feri (konsantre): yakla\u015f\u0131k 3<strong><br \/>\n<\/strong><\/span><\/p>\n<p><span class=\"urun_text_02\"><strong>Kullan\u0131m Alanlar\u0131 : <\/strong>S\u0131hhi alanlar ve tuvaletler i\u00e7in uygundur.<\/span><\/p>\n<p><strong><span class=\"urun_text_02\">Kullan\u0131m \u015eekli :<\/span><\/strong> Tuvalet klozetinin i\u00e7ine ve tuvalet f\u0131r\u00e7as\u0131 kab\u0131n\u0131n i\u00e7ine bir kez s\u0131k\u0131n.<\/p>\n","protected":false},"excerpt":{"rendered":"<h1 class=\"detail-productname\">Aktiv-Duft<\/h1>\n<p class=\"detail-productname\"><span class=\"urun_text_02\">S\u0131hhi alanlar i\u00e7in ho\u015f kokulu konsantre sprey<\/span><\/p>\n<p><span class=\"urun_text_02\"><strong>\u00d6zellikleri <\/strong>: Son derece etkin, kal\u0131c\u0131 etkili aromatik ya\u011f. S\u0131hhi alanlardaki ho\u015fa gitmeyen<br \/>\nkokular\u0131 yok eder ve geride ferahl\u0131k verici ho\u015f bir koku b\u0131rak\u0131r.<br \/>\n<\/span><\/p>\n<p>&nbsp;<\/p>\n<p>&nbsp;<\/p>\n<p>&nbsp;<\/p>\n<p>&nbsp;<\/p>\n<p>&nbsp;<\/p>\n<p>&nbsp;<\/p>\n<hr \/>\n<p><img loading=\"lazy\" class=\"alignnone size-full wp-image-1778\" src=\"https:\/\/kiehl.mcsajans.com\/wp-content\/uploads\/2021\/02\/aktiv-duft_icon.jpg\" alt=\"\" width=\"141\" height=\"67\" \/><\/p>\n<p><strong><span class=\"urun_text_02\">Metrekare ba\u015f\u0131na t\u00fcketim<\/span><\/strong><br \/>\nUygulamaya g\u00f6re farkl\u0131l\u0131k g\u00f6sterir.<\/p>\n<p>Profesyonel kullan\u0131mlar i\u00e7indir!<\/p>\n<p><strong>Paketleme<\/strong><\/p>\n<p>6 x 1 litre \u015fi\u015felik koli \u00dcr. No. j 45 01 01<br \/>\n200 litre varil \u00dcr. No. j 45 01 72<\/p>\n","protected":false},"featured_media":1779,"comment_status":"open","ping_status":"closed","template":"elementor_theme","meta":[],"yoast_head":"<!-- This site is optimized with the Yoast SEO plugin v15.9 - https:\/\/yoast.com\/wordpress\/plugins\/seo\/ -->\r\n<title>Aktiv-Duft | K\u0130EHL<\/title>\r\n<meta name=\"description\" content=\"Son derece etkin, kal\u0131c\u0131 etkili aromatik ya\u011f.\" \/>\r\n<meta name=\"robots\" content=\"index, follow, max-snippet:-1, max-image-preview:large, max-video-preview:-1\" \/>\r\n<link rel=\"canonical\" href=\"http:\/\/www.kiehlturkey.com\/index.php\/urun\/aktiv-duft\/\" \/>\r\n<meta property=\"og:locale\" content=\"tr_TR\" \/>\r\n<meta property=\"og:type\" content=\"article\" \/>\r\n<meta property=\"og:title\" content=\"Aktiv-Duft | K\u0130EHL\" \/>\r\n<meta property=\"og:description\" content=\"Son derece etkin, kal\u0131c\u0131 etkili aromatik ya\u011f.\" \/>\r\n<meta property=\"og:url\" content=\"http:\/\/www.kiehlturkey.com\/index.php\/urun\/aktiv-duft\/\" \/>\r\n<meta property=\"og:site_name\" content=\"K\u0130EHL\" \/>\r\n<meta property=\"article:modified_time\" content=\"2021-02-27T23:20:38+00:00\" \/>\r\n<meta property=\"og:image\" content=\"http:\/\/www.kiehlturkey.com\/wp-content\/uploads\/2021\/02\/aktiv-duft.jpg\" \/>\r\n\t<meta property=\"og:image:width\" content=\"500\" \/>\r\n\t<meta property=\"og:image:height\" content=\"500\" \/>\r\n<meta name=\"twitter:card\" content=\"summary_large_image\" \/>\r\n<meta name=\"twitter:label1\" content=\"Tahmini okuma s\u00fcresi\">\n\t<meta name=\"twitter:data1\" content=\"1 dakika\">\r\n<script type=\"application\/ld+json\" class=\"yoast-schema-graph\">{\"@context\":\"https:\/\/schema.org\",\"@graph\":[{\"@type\":\"WebSite\",\"@id\":\"http:\/\/www.kiehlturkey.com\/#website\",\"url\":\"http:\/\/www.kiehlturkey.com\/\",\"name\":\"K\\u0130EHL\",\"description\":\"die saubere L\\u00f6sung\",\"potentialAction\":[{\"@type\":\"SearchAction\",\"target\":\"http:\/\/www.kiehlturkey.com\/?s={search_term_string}\",\"query-input\":\"required name=search_term_string\"}],\"inLanguage\":\"tr\"},{\"@type\":\"ImageObject\",\"@id\":\"http:\/\/www.kiehlturkey.com\/index.php\/urun\/aktiv-duft\/#primaryimage\",\"inLanguage\":\"tr\",\"url\":\"http:\/\/www.kiehlturkey.com\/wp-content\/uploads\/2021\/02\/aktiv-duft.jpg\",\"width\":500,\"height\":500},{\"@type\":\"WebPage\",\"@id\":\"http:\/\/www.kiehlturkey.com\/index.php\/urun\/aktiv-duft\/#webpage\",\"url\":\"http:\/\/www.kiehlturkey.com\/index.php\/urun\/aktiv-duft\/\",\"name\":\"Aktiv-Duft | K\\u0130EHL\",\"isPartOf\":{\"@id\":\"http:\/\/www.kiehlturkey.com\/#website\"},\"primaryImageOfPage\":{\"@id\":\"http:\/\/www.kiehlturkey.com\/index.php\/urun\/aktiv-duft\/#primaryimage\"},\"datePublished\":\"2021-02-27T23:17:24+00:00\",\"dateModified\":\"2021-02-27T23:20:38+00:00\",\"description\":\"Son derece etkin, kal\\u0131c\\u0131 etkili aromatik ya\\u011f.\",\"breadcrumb\":{\"@id\":\"http:\/\/www.kiehlturkey.com\/index.php\/urun\/aktiv-duft\/#breadcrumb\"},\"inLanguage\":\"tr\",\"potentialAction\":[{\"@type\":\"ReadAction\",\"target\":[\"http:\/\/www.kiehlturkey.com\/index.php\/urun\/aktiv-duft\/\"]}]},{\"@type\":\"BreadcrumbList\",\"@id\":\"http:\/\/www.kiehlturkey.com\/index.php\/urun\/aktiv-duft\/#breadcrumb\",\"itemListElement\":[{\"@type\":\"ListItem\",\"position\":1,\"item\":{\"@type\":\"WebPage\",\"@id\":\"http:\/\/www.kiehlturkey.com\/\",\"url\":\"http:\/\/www.kiehlturkey.com\/\",\"name\":\"Ana sayfa\"}},{\"@type\":\"ListItem\",\"position\":2,\"item\":{\"@type\":\"WebPage\",\"@id\":\"http:\/\/www.kiehlturkey.com\/index.php\/urunler\/\",\"url\":\"http:\/\/www.kiehlturkey.com\/index.php\/urunler\/\",\"name\":\"\\u00dcr\\u00fcnler\"}},{\"@type\":\"ListItem\",\"position\":3,\"item\":{\"@type\":\"WebPage\",\"@id\":\"http:\/\/www.kiehlturkey.com\/index.php\/urun\/aktiv-duft\/\",\"url\":\"http:\/\/www.kiehlturkey.com\/index.php\/urun\/aktiv-duft\/\",\"name\":\"Aktiv-Duft\"}}]}]}<\/script>\r\n<!-- \/ Yoast SEO plugin. -->","_links":{"self":[{"href":"http:\/\/www.kiehlturkey.com\/index.php\/wp-json\/wp\/v2\/product\/1790"}],"collection":[{"href":"http:\/\/www.kiehlturkey.com\/index.php\/wp-json\/wp\/v2\/product"}],"about":[{"href":"http:\/\/www.kiehlturkey.com\/index.php\/wp-json\/wp\/v2\/types\/product"}],"replies":[{"embeddable":true,"href":"http:\/\/www.kiehlturkey.com\/index.php\/wp-json\/wp\/v2\/comments?post=1790"}],"version-history":[{"count":1,"href":"http:\/\/www.kiehlturkey.com\/index.php\/wp-json\/wp\/v2\/product\/1790\/revisions"}],"predecessor-version":[{"id":1793,"href":"http:\/\/www.kiehlturkey.com\/index.php\/wp-json\/wp\/v2\/product\/1790\/revisions\/1793"}],"wp:featuredmedia":[{"embeddable":true,"href":"http:\/\/www.kiehlturkey.com\/index.php\/wp-json\/wp\/v2\/media\/1779"}],"wp:attachment":[{"href":"http:\/\/www.kiehlturkey.com\/index.php\/wp-json\/wp\/v2\/media?parent=1790"}],"curies":[{"name":"wp","href":"https:\/\/api.w.org\/{rel}","templated":true}]}}